{"id":1569,"date":"2018-12-29T18:27:30","date_gmt":"2018-12-29T17:27:30","guid":{"rendered":"http:\/\/gtff.se\/?page_id=1569"},"modified":"2025-04-06T14:59:30","modified_gmt":"2025-04-06T12:59:30","slug":"vasterudd-bastu","status":"publish","type":"page","link":"http:\/\/gtff.se\/index.php\/vasterudd-bastu\/","title":{"rendered":"V\u00e4sterudds Bastu"},"content":{"rendered":"<img loading=\"lazy\" class=\"alignnone size-medium wp-image-151\" src=\"http:\/\/gtff.se\/wp-content\/uploads\/2017\/01\/vbastu-300x105.jpg\" alt=\"\" width=\"300\" height=\"105\" srcset=\"http:\/\/gtff.se\/wp-content\/uploads\/2017\/01\/vbastu-300x105.jpg 300w, http:\/\/gtff.se\/wp-content\/uploads\/2017\/01\/vbastu.jpg 404w\" sizes=\"(max-width: 300px) 100vw, 300px\" \/>\n<p><strong>En fantastisk bastu p\u00e5 en lika fantastisk plats!<\/strong><\/p>\n<p>Bastun har en sv\u00e5rslagen utsikt med fri sikt till Ryssland (rakt \u00f6ver R\u00f6nnsk\u00e4r) och Gotlandsb\u00e5tarna i blickf\u00e5nget. Havs\u00f6rnar som sv\u00e4var \u00f6ver Skrams\u00f6 finns att besk\u00e5da n\u00e4stan f\u00f6r j\u00e4mnan.<\/p>\n<p>Bastun \u00e4r bel\u00e4gen p\u00e5 sydligaste spetsen p\u00e5 Musk\u00f6.<\/p>\n<p>F\u00f6r n\u00e4rvarande har f\u00f6reningen 63 medlemmar och 5 st\u00f6dmedlemmar.<\/p>\n<p>Styrelsen best\u00e5r av <a href=\"mailto:voitto@nufort.net\">Voitto Kilpel\u00e4inen<\/a>, <a href=\"mailto:joakimbrunzell@gmail.com\">Joakim Brunzell<\/a>, <a href=\"mailto:skohg@hotmail.com\">Torbj\u00f6rn Skog<\/a> och <a href=\"mailto:hakan-gullberg@outlook.com\">H\u00e5kan Gullberg<\/a><\/p>\n<p><strong>Ordningsregler<\/strong><\/p>\n<div dir=\"ltr\"><strong>\u2022H\u00e5ll snyggt och st\u00e4da efter dig<\/strong><\/div>\n<div dir=\"ltr\">\u00a0<\/div>\n<div dir=\"ltr\"><strong>\u2022Medtag egen ved att elda med<\/strong><\/div>\n<div dir=\"ltr\">\u00a0<\/div>\n<div dir=\"ltr\"><strong>\u2022Elda endast i kaminen<\/strong><\/div>\n<div dir=\"ltr\">\u00a0<\/div>\n<div dir=\"ltr\"><strong><strong><strong>\u2022Anv\u00e4nd aldrig havsvatten p\u00e5 aggregatet<\/strong><\/strong><\/strong>\n<p>\u00a0<\/p>\n<p>\u00a0<\/p>\n<\/div>\n<div dir=\"ltr\">Varje medlem \u00e4r ansvarig f\u00f6r skada, som kan uppkomma genom otill\u00e5ten eller felaktig anv\u00e4ndning av bastun. Medlem \u00e4r \u00e4ven ansvarig f\u00f6r familjemedlemmars och ev. g\u00e4sters \u00e5tg\u00e4rder. Bastun skall hanteras aktsamt.<\/div>\n<div dir=\"ltr\"><span style=\"font-size: inherit;\"><br \/>Bastun g\u00e5r inte att boka!<\/span><\/div>\n<div dir=\"ltr\"><span style=\"font-size: inherit;\">\u00a0<\/span><\/div>\n<div dir=\"ltr\"><span style=\"font-size: inherit;\">H\u00e4mtat ifr\u00e5n Eniro \u00e4r platsen exakt:<\/span><\/div>\n<div dir=\"ltr\">\n<p><strong>WGS84<\/strong> 58\u00b057&#8217;46.3&#8243;N 18\u00b02&#8217;52.7&#8243;E<br \/><strong>WGS84 DDM<\/strong> 58\u00b057.771&#8217;N 18\u00b02.878&#8217;E<br \/><strong>WGS84 decimal (lat, lon)<\/strong> 58.962857, 18.047962<br \/><strong>RT90<\/strong> 6540063, 1629029<br \/><strong>SWEREF99 TM<\/strong> 6539912, 675262<\/p>\n<p>Total volym i bastun \u00e4r ca 20 m3.<\/p>\n<p>Byggandet av bastun p\u00e5b\u00f6rjades 2004 och den invigdes officiellt den 6 augusti 2006. Ett godk\u00e4nt bygglov finns. Sedan dess\u00a0har den anv\u00e4nds relativt regelbundet och blivit uppskattad av alla som bastat d\u00e4r.<\/p>\n<p>Saxat ur Nyhetsbrev Nr 7<br \/>\u201dFyr i ugnen med en f\u00f6rsta proveldning skedde s\u00f6ndagen den 12 juni 2005.<br \/>Galapremi\u00e4r blir den 6 augusti! Kom ner och mingla, \u00e4t r\u00f6kta r\u00e4kor och drick en havskyld \u00f6l.\u201d<\/p>\n<p><a href=\"http:\/\/gtff.se\/index.php\/nyhetsbrev\/\">Nyhetsbrev<\/a><\/p>\n<\/div>\n<p><a href=\"http:\/\/gtff.se\/index.php\/vasterudd-bastu\/allmant\/bilder\/\">Bilder<\/a><\/p>\n<p><a href=\"http:\/\/gtff.se\/index.php\/vasterudd-bastu\/allmant\/bygget\/\">Bygget<\/a><\/p>\n<p><a href=\"http:\/\/gtff.se\/index.php\/vasterudd-bastu\/allmant\/bygglov\/\">Bygglov<\/a><\/p>\n<p><a href=\"http:\/\/gtff.se\/index.php\/vasterudd-bastu\/allmant\/ideer\/\">Ide\u00e9r<\/a><\/p>\n<p><a href=\"http:\/\/gtff.se\/index.php\/vasterudd-bastu\/stadgar\/\">F\u00f6rslag till stadgar<\/a><\/p>\n<p><a href=\"http:\/\/gtff.se\/index.php\/vasterudd-bastu\/medlemmar\/\">Medlemmar<\/a><\/p>\n<p>\u00a0<\/p>\n\n\n<p><\/p>\n","protected":false},"excerpt":{"rendered":"<p>En fantastisk bastu p\u00e5 en lika fantastisk plats! Bastun har en sv\u00e5rslagen utsikt med fri sikt till Ryssland (rakt \u00f6ver R\u00f6nnsk\u00e4r) och Gotlandsb\u00e5tarna i blickf\u00e5nget. Havs\u00f6rnar som sv\u00e4var \u00f6ver Skrams\u00f6 finns att besk\u00e5da n\u00e4stan f\u00f6r j\u00e4mnan. Bastun \u00e4r bel\u00e4gen p\u00e5 sydligaste spetsen p\u00e5 Musk\u00f6. F\u00f6r n\u00e4rvarande har f\u00f6reningen 63 medlemmar och 5 st\u00f6dmedlemmar. Styrelsen best\u00e5r&#8230;  <a class=\"excerpt-read-more\" href=\"http:\/\/gtff.se\/index.php\/vasterudd-bastu\/\" title=\"Read V\u00e4sterudds Bastu\">L\u00e4s mera &raquo;<\/a><\/p>\n","protected":false},"author":3,"featured_media":0,"parent":0,"menu_order":0,"comment_status":"closed","ping_status":"closed","template":"","meta":[],"_links":{"self":[{"href":"http:\/\/gtff.se\/index.php\/wp-json\/wp\/v2\/pages\/1569"}],"collection":[{"href":"http:\/\/gtff.se\/index.php\/wp-json\/wp\/v2\/pages"}],"about":[{"href":"http:\/\/gtff.se\/index.php\/wp-json\/wp\/v2\/types\/page"}],"author":[{"embeddable":true,"href":"http:\/\/gtff.se\/index.php\/wp-json\/wp\/v2\/users\/3"}],"replies":[{"embeddable":true,"href":"http:\/\/gtff.se\/index.php\/wp-json\/wp\/v2\/comments?post=1569"}],"version-history":[{"count":66,"href":"http:\/\/gtff.se\/index.php\/wp-json\/wp\/v2\/pages\/1569\/revisions"}],"predecessor-version":[{"id":3010,"href":"http:\/\/gtff.se\/index.php\/wp-json\/wp\/v2\/pages\/1569\/revisions\/3010"}],"wp:attachment":[{"href":"http:\/\/gtff.se\/index.php\/wp-json\/wp\/v2\/media?parent=1569"}],"curies":[{"name":"wp","href":"https:\/\/api.w.org\/{rel}","templated":true}]}}