{"id":35,"date":"2017-01-03T10:54:23","date_gmt":"2017-01-03T09:54:23","guid":{"rendered":"http:\/\/gtff.duncastudio.se\/?page_id=35"},"modified":"2024-09-17T10:51:07","modified_gmt":"2024-09-17T08:51:07","slug":"kvartersmastare","status":"publish","type":"page","link":"http:\/\/gtff.se\/index.php\/om-gtff\/kvartersmastare\/","title":{"rendered":"Kvarterm\u00e4stare"},"content":{"rendered":"<p>L\u00e4nk till kvarterskartan\u00a0<a href=\"http:\/\/gtff.se\/wp-content\/uploads\/2017\/08\/GTFF_Kvarterskarta.jpg\">h\u00e4r<\/a><\/p>\n<table>\n<tbody>\n<tr>\n<td width=\"62\"><strong>Kvarter<\/strong><\/td>\n<td width=\"277\"><strong>Omr\u00e5de<\/strong><\/td>\n<td width=\"132\"><strong>Namn<\/strong><\/td>\n<\/tr>\n<tr>\n<td width=\"62\">1<\/td>\n<td width=\"277\">Skyllerholmen,\u00a0Kullholmen, Gr\u00f6na Holmen, Kojholmen, M\u00e5sknuvarna, Gula H\u00e4llen, H\u00f6lasset &amp; parkeringen vid \u00d6sterudd.<\/td>\n<td width=\"132\"><a href=\"mailto:jan.we@telia.com\">Jan Westerberg<\/a><\/td>\n<\/tr>\n<tr>\n<td width=\"62\">2<\/td>\n<td width=\"277\">Bergholmen &amp; Skutholmen<\/td>\n<td width=\"132\"><a href=\"mailto:kiafrankel@hotmail.com\">Kia Frankel<\/a><\/td>\n<\/tr>\n<tr>\n<td width=\"62\">3<\/td>\n<td width=\"277\">\u00d6sterudd &amp; \u00c4ngen<\/td>\n<td width=\"132\"><a href=\"rasmus.astrom@dirigent.co.uk\">Rasmus \u00c5str\u00f6m<\/a><\/td>\n<\/tr>\n<tr>\n<td width=\"62\">4<\/td>\n<td width=\"277\">V\u00e4sterudd, Uddsj\u00f6n &amp; K\u00e4rret<\/td>\n<td width=\"132\"><a href=\"mailto:volcker.martin@gmail.com\">Martin V\u00f6lcker<\/a><\/td>\n<\/tr>\n<tr>\n<td width=\"62\">5<\/td>\n<td width=\"277\">S\u00f6dra Infarten, Pumphuset, \u00c4ngen, Uddsj\u00f6n &amp; K\u00e4rret<\/td>\n<td width=\"132\"><a href=\"mailto:joakimbrunzell@gmail.com\">Joakim Brunzell<\/a><\/td>\n<\/tr>\n<tr>\n<td width=\"62\">6<\/td>\n<td width=\"277\">Majas Udd &amp; H\u00f6gv\u00e4gen<\/td>\n<td width=\"132\"><a href=\"mailto:tommy.egman@gmail.com\">Tommy Egman<\/a><\/td>\n<\/tr>\n<tr>\n<td width=\"62\">7<\/td>\n<td width=\"277\">S\u00f6dra Infarten, Tv\u00e4rv\u00e4gen &amp; Guldbodasj\u00f6n<\/td>\n<td width=\"132\"><a href=\"mailto:kaj.pettersen@gmail.com\">Kaj Petters\u00e9n<\/a><\/td>\n<\/tr>\n<tr>\n<td width=\"62\">8<\/td>\n<td width=\"277\">Strandstigen<\/td>\n<td width=\"132\"><a href=\"mailto:conny.thunstrom@hotmail.com\">Conny Thunstr\u00f6m<\/a><\/td>\n<\/tr>\n<tr>\n<td width=\"62\">9<\/td>\n<td width=\"277\">Norra Infarten, \u00d6rnberget, Bergvik, Guldbodasj\u00f6n &amp; \u00d6rnsand<\/td>\n<td width=\"132\"><a href=\"mailto:lars.lofgren@capiostgoran.se\">Lars L\u00f6fgren<\/a><\/td>\n<\/tr>\n<\/tbody>\n<\/table>\n","protected":false},"excerpt":{"rendered":"<p>L\u00e4nk till kvarterskartan\u00a0h\u00e4r Kvarter Omr\u00e5de Namn 1 Skyllerholmen,\u00a0Kullholmen, Gr\u00f6na Holmen, Kojholmen, M\u00e5sknuvarna, Gula H\u00e4llen, H\u00f6lasset &amp; parkeringen vid \u00d6sterudd. Jan Westerberg 2 Bergholmen &amp; Skutholmen Kia Frankel 3 \u00d6sterudd &amp; \u00c4ngen Rasmus \u00c5str\u00f6m 4 V\u00e4sterudd, Uddsj\u00f6n &amp; K\u00e4rret Martin V\u00f6lcker 5 S\u00f6dra Infarten, Pumphuset, \u00c4ngen, Uddsj\u00f6n &amp; K\u00e4rret Joakim Brunzell 6 Majas Udd &amp; H\u00f6gv\u00e4gen&#8230;  <a class=\"excerpt-read-more\" href=\"http:\/\/gtff.se\/index.php\/om-gtff\/kvartersmastare\/\" title=\"Read Kvarterm\u00e4stare\">L\u00e4s mera &raquo;<\/a><\/p>\n","protected":false},"author":1,"featured_media":0,"parent":17,"menu_order":0,"comment_status":"closed","ping_status":"closed","template":"","meta":[],"_links":{"self":[{"href":"http:\/\/gtff.se\/index.php\/wp-json\/wp\/v2\/pages\/35"}],"collection":[{"href":"http:\/\/gtff.se\/index.php\/wp-json\/wp\/v2\/pages"}],"about":[{"href":"http:\/\/gtff.se\/index.php\/wp-json\/wp\/v2\/types\/page"}],"author":[{"embeddable":true,"href":"http:\/\/gtff.se\/index.php\/wp-json\/wp\/v2\/users\/1"}],"replies":[{"embeddable":true,"href":"http:\/\/gtff.se\/index.php\/wp-json\/wp\/v2\/comments?post=35"}],"version-history":[{"count":45,"href":"http:\/\/gtff.se\/index.php\/wp-json\/wp\/v2\/pages\/35\/revisions"}],"predecessor-version":[{"id":2824,"href":"http:\/\/gtff.se\/index.php\/wp-json\/wp\/v2\/pages\/35\/revisions\/2824"}],"up":[{"embeddable":true,"href":"http:\/\/gtff.se\/index.php\/wp-json\/wp\/v2\/pages\/17"}],"wp:attachment":[{"href":"http:\/\/gtff.se\/index.php\/wp-json\/wp\/v2\/media?parent=35"}],"curies":[{"name":"wp","href":"https:\/\/api.w.org\/{rel}","templated":true}]}}